{"id":161,"date":"2016-01-12T13:29:48","date_gmt":"2016-01-12T13:29:48","guid":{"rendered":"https:\/\/middelalderdage.wordpress.com\/?page_id=161"},"modified":"2016-02-22T10:27:20","modified_gmt":"2016-02-22T10:27:20","slug":"retningslinjer","status":"publish","type":"page","link":"https:\/\/www.runemester.dk\/middelalderdage\/esrum-middelalderdage\/retningslinjer\/","title":{"rendered":"[:da]Retningslinjer[:en]Guidelines[:]"},"content":{"rendered":"[:da]Esrum Middelalderdage har ikke lagt sig fast p\u00e5 et \u00e5rstal eller et \u00e5rhundrede, men arbejder inden for de historiske rammer af sidste halvdel af h\u00f8jmiddelalderen og f\u00f8rste halvdel af senmiddelalderen, dvs. ca. \u00e5r 1200-1450.<\/p>\n<p>Derfor skal boder og lejre forestille handelsboder eller feltlejre fra denne periode, og enhver deltager fra akt\u00f8ren forpligter sig til at optr\u00e6de i tidsm\u00e6ssig korrekt dragt og \u00f8vrig fremtr\u00e6den.<\/p>\n<h5><strong>Lejr\/Bod<\/strong><\/h5>\n<p>Boder og lejre skal forstille handelsboder\/feltlejre fra middelalderen. Moderne rekvisitter og materialer er ikke tilladt. Det er kun tilladt at bruge rekvisitter, materialer, m\u00f8bler og inventar, som fandtes i middelalderen.\u00a0 N\u00f8dvendige moderne hj\u00e6lpemidler skal s\u00e5 vidt mulig gemmes, s\u00e5 de ikke er synlige for publikum.<\/p>\n<p>Brug tr\u00e6 eller lignende til skilte og naturlige farver &#8211; ingen neongr\u00f8nne, pink eller lignende farver til eksempelvis prism\u00e6rker &#8211; og ingen laminering.<\/p>\n<h5><strong>Fremtr\u00e6den<\/strong><\/h5>\n<p>Alle, der deltager som akt\u00f8r (b\u00e5de grupper og bodholdere), skal v\u00e6re ikl\u00e6dt middelaldert\u00f8j.<\/p>\n<p>Vi ser meget gerne, at dragterne er lavet af uld og ufarvet eller lyst h\u00f8r.\u00a0 Da vi ved, at mange akt\u00f8rer har dragter lavet af farvet h\u00f8r, er disse stadig tilladt, men vi ser meget gerne, at kvinder b\u00e6rer ulden overkjole og m\u00e6nd som minimum har hoser lavet af uld. Nerv\u00f8st velour er ikke tilladt og vi ser helst heller at man bruger bomuld.<\/p>\n<p>Kvinder over \u201djomfrustadiet\u201d skal b\u00e6re hovedbekl\u00e6dning.<\/p>\n<p>Hvis man ikke har middelalderfodt\u00f8j, er diskret brunt eller sort fodt\u00f8j i orden.<\/p>\n<p>Farverige tatoveringer, piercinger, nutidige frisure og ikke naturlige h\u00e5rfarver skal tages ud eller d\u00e6kkes til. Moderne makeup og neglelak er heller ikke tilladt.<\/p>\n<h5><strong>V\u00e5ben<\/strong><\/h5>\n<p>Det er den enkeltes ansvar at indhente og medbringe n\u00f8dvendige tilladelser.\u00a0 For yderligere information se: www.politi.dk\/da\/borgerservice\/vaabentilladelse\/blankvaaben.htm<\/p>\n<h5><strong>Dyr<\/strong><\/h5>\n<p>Dyr er velkomne. Ejeren har det fulde ansvar b\u00e5de i og udenfor \u00e5bningstiden. Hunde skal holdes i snor. For hunde g\u00e6lder det at halsb\u00e5nd og snor skal v\u00e6re af l\u00e6der eller reb i farverne sort, brun eller lignende.<\/p>\n<h5><strong>Generelt:<\/strong><\/h5>\n<p>Nedpakning af boder m\u00e5 f\u00f8rst p\u00e5begyndes s\u00f8ndag efter lukketid<\/p>\n<p>Ens anviste plads skal v\u00e6re ryddet efter markedet. Hvis pladsen ikke er ryddet og godkendt af EKM ved afrejse, fremsendes regning for oprydning p\u00e5 3.000 kr.<\/p>\n<p>&nbsp;<\/p>\n<p>&nbsp;[:en]Esrum Medieval Days has not decided on a specific year or century,\u00a0but operates within the historical framework of the second half of the High Middle Ages and the first half of the Late Middle Ages, ie. about 1200-1450.<\/p>\n<p>Therefore stalls and camps must conceive trade stalls or field camps of this period, and each participant is committed to act in temporal proper attire and appearance.<\/p>\n<h5><strong>Camps\/Stalls\u00a0<\/strong><\/h5>\n<p>Stalls and camps must conceive trading stalls \/ field camps from the Middle Ages. Modern requisites and materials are not allowed. It is only allowed to use props, materials, furniture and equipment \u00a0that existed in the Middle Ages. Necessary modern equipment must as far as possible be masked, so they are not visible to the public.<\/p>\n<p>Use wood or the like to signs and use natural colors &#8211; no neon green, pink or other very bright colors for \u00a0price tags \u00a0etc &#8211;\u00a0and no laminated signs.<\/p>\n<h5><strong>Appearance<\/strong><\/h5>\n<p>All participants (both groups and stallholders) must be dressed in medieval clothing.<\/p>\n<p>We would appreciate that the costumes are made of wool and undyed or light flax. Since we know that many participants have costumes made of colored linen, these are still allowed, but we urge that women wears a woolen overdress and men at least have stockings made of wool. Rayon velvet is not allowed and\u00a0we prefer that cotton is not used.<\/p>\n<p>Women over &#8220;virginity stage&#8221; must wear headgear.<\/p>\n<p>If you do not have medieval footwear, discreet brown or black shoes is allowed.<\/p>\n<p>Colorful tattoos, piercings, contemporary hairstyle and unnatural hair colors must be removed or covered. Modern makeup and nail polish are not allowed.<\/p>\n<h5><strong>Weapons<\/strong><\/h5>\n<p>It is ones own responsibility to obtain and bring along necessary permits. For further information see: www.politi.dk\/da\/borgerservice\/vaabentilladelse\/blankvaaben.htm<\/p>\n<h5><b>Animals<\/b><\/h5>\n<p>Animals are welcome. The owner has full responsibility both within and outside opening hours. Dogs must be kept on a leash. For dogs it applies that collar and leash must be made of leather or rope in black, brown or the like.<\/p>\n<h5><strong>In general<\/strong><\/h5>\n<p>Dismantling of stalls may only be begin Sunday \u00a0at 17.00 &#8211; after the market is closed.<\/p>\n<p>The provided area must be cleared before departure. If the area is not cleared and approved by Esrum Abbey on departure, there will be a 3000 DKK bill.<\/p>\n<p>&nbsp;<\/p>\n<p>&nbsp;[:]\n","protected":false},"excerpt":{"rendered":"<p>[:da]Esrum Middelalderdage har ikke lagt sig fast p\u00e5 et \u00e5rstal eller et \u00e5rhundrede, men arbejder inden for de historiske rammer af sidste halvdel af h\u00f8jmiddelalderen og f\u00f8rste halvdel af senmiddelalderen, dvs. ca. \u00e5r 1200-1450. Derfor skal boder og lejre forestille handelsboder eller feltlejre fra denne periode, og enhver deltager fra akt\u00f8ren forpligter sig til at [&hellip;]<\/p>\n","protected":false},"author":2,"featured_media":0,"parent":257,"menu_order":0,"comment_status":"closed","ping_status":"closed","template":"","meta":{"footnotes":""},"class_list":["post-161","page","type-page","status-publish","hentry"],"yoast_head":"<!-- This site is optimized with the Yoast SEO plugin v26.5 - https:\/\/yoast.com\/wordpress\/plugins\/seo\/ -->\n<title>[:da]Retningslinjer[:en]Guidelines[:] - Esrum Middelalderdage<\/title>\n<meta name=\"robots\" content=\"index, follow, max-snippet:-1, max-image-preview:large, max-video-preview:-1\" \/>\n<link rel=\"canonical\" href=\"https:\/\/www.runemester.dk\/middelalderdage\/esrum-middelalderdage\/retningslinjer\/\" \/>\n<meta property=\"og:locale\" content=\"da_DK\" \/>\n<meta property=\"og:type\" content=\"article\" \/>\n<meta property=\"og:title\" content=\"[:da]Retningslinjer[:en]Guidelines[:] - Esrum Middelalderdage\" \/>\n<meta property=\"og:description\" content=\"[:da]Esrum Middelalderdage har ikke lagt sig fast p\u00e5 et \u00e5rstal eller et \u00e5rhundrede, men arbejder inden for de historiske rammer af sidste halvdel af h\u00f8jmiddelalderen og f\u00f8rste halvdel af senmiddelalderen, dvs. ca. \u00e5r 1200-1450. Derfor skal boder og lejre forestille handelsboder eller feltlejre fra denne periode, og enhver deltager fra akt\u00f8ren forpligter sig til at [&hellip;]\" \/>\n<meta property=\"og:url\" content=\"https:\/\/www.runemester.dk\/middelalderdage\/esrum-middelalderdage\/retningslinjer\/\" \/>\n<meta property=\"og:site_name\" content=\"Esrum Middelalderdage\" \/>\n<meta property=\"article:modified_time\" content=\"2016-02-22T10:27:20+00:00\" \/>\n<meta name=\"twitter:card\" content=\"summary_large_image\" \/>\n<meta name=\"twitter:label1\" content=\"Estimeret l\u00e6setid\" \/>\n\t<meta name=\"twitter:data1\" content=\"4 minutter\" \/>\n<script type=\"application\/ld+json\" class=\"yoast-schema-graph\">{\"@context\":\"https:\/\/schema.org\",\"@graph\":[{\"@type\":\"WebPage\",\"@id\":\"https:\/\/www.runemester.dk\/middelalderdage\/esrum-middelalderdage\/retningslinjer\/\",\"url\":\"https:\/\/www.runemester.dk\/middelalderdage\/esrum-middelalderdage\/retningslinjer\/\",\"name\":\"[:da]Retningslinjer[:en]Guidelines[:] - Esrum Middelalderdage\",\"isPartOf\":{\"@id\":\"https:\/\/www.runemester.dk\/middelalderdage\/#website\"},\"datePublished\":\"2016-01-12T13:29:48+00:00\",\"dateModified\":\"2016-02-22T10:27:20+00:00\",\"breadcrumb\":{\"@id\":\"https:\/\/www.runemester.dk\/middelalderdage\/esrum-middelalderdage\/retningslinjer\/#breadcrumb\"},\"inLanguage\":\"da-DK\",\"potentialAction\":[{\"@type\":\"ReadAction\",\"target\":[\"https:\/\/www.runemester.dk\/middelalderdage\/esrum-middelalderdage\/retningslinjer\/\"]}]},{\"@type\":\"BreadcrumbList\",\"@id\":\"https:\/\/www.runemester.dk\/middelalderdage\/esrum-middelalderdage\/retningslinjer\/#breadcrumb\",\"itemListElement\":[{\"@type\":\"ListItem\",\"position\":1,\"name\":\"Hjem\",\"item\":\"https:\/\/www.runemester.dk\/middelalderdage\/\"},{\"@type\":\"ListItem\",\"position\":2,\"name\":\"[:da]Esrum Middelalderdage[:en]Esrum Medieval Days[:]\",\"item\":\"https:\/\/www.runemester.dk\/middelalderdage\/esrum-middelalderdage\/\"},{\"@type\":\"ListItem\",\"position\":3,\"name\":\"[:da]Retningslinjer[:en]Guidelines[:]\"}]},{\"@type\":\"WebSite\",\"@id\":\"https:\/\/www.runemester.dk\/middelalderdage\/#website\",\"url\":\"https:\/\/www.runemester.dk\/middelalderdage\/\",\"name\":\"Esrum Middelalderdage\",\"description\":\"[:da]For bodholdere og deltagende | 26. juni - 4. juli 2021[:en]For bodholdere og deltagende | 15 og 16. juni 2019[:]\",\"potentialAction\":[{\"@type\":\"SearchAction\",\"target\":{\"@type\":\"EntryPoint\",\"urlTemplate\":\"https:\/\/www.runemester.dk\/middelalderdage\/?s={search_term_string}\"},\"query-input\":{\"@type\":\"PropertyValueSpecification\",\"valueRequired\":true,\"valueName\":\"search_term_string\"}}],\"inLanguage\":\"da-DK\"}]}<\/script>\n<!-- \/ Yoast SEO plugin. -->","yoast_head_json":{"title":"[:da]Retningslinjer[:en]Guidelines[:] - Esrum Middelalderdage","robots":{"index":"index","follow":"follow","max-snippet":"max-snippet:-1","max-image-preview":"max-image-preview:large","max-video-preview":"max-video-preview:-1"},"canonical":"https:\/\/www.runemester.dk\/middelalderdage\/esrum-middelalderdage\/retningslinjer\/","og_locale":"da_DK","og_type":"article","og_title":"[:da]Retningslinjer[:en]Guidelines[:] - Esrum Middelalderdage","og_description":"[:da]Esrum Middelalderdage har ikke lagt sig fast p\u00e5 et \u00e5rstal eller et \u00e5rhundrede, men arbejder inden for de historiske rammer af sidste halvdel af h\u00f8jmiddelalderen og f\u00f8rste halvdel af senmiddelalderen, dvs. ca. \u00e5r 1200-1450. Derfor skal boder og lejre forestille handelsboder eller feltlejre fra denne periode, og enhver deltager fra akt\u00f8ren forpligter sig til at [&hellip;]","og_url":"https:\/\/www.runemester.dk\/middelalderdage\/esrum-middelalderdage\/retningslinjer\/","og_site_name":"Esrum Middelalderdage","article_modified_time":"2016-02-22T10:27:20+00:00","twitter_card":"summary_large_image","twitter_misc":{"Estimeret l\u00e6setid":"4 minutter"},"schema":{"@context":"https:\/\/schema.org","@graph":[{"@type":"WebPage","@id":"https:\/\/www.runemester.dk\/middelalderdage\/esrum-middelalderdage\/retningslinjer\/","url":"https:\/\/www.runemester.dk\/middelalderdage\/esrum-middelalderdage\/retningslinjer\/","name":"[:da]Retningslinjer[:en]Guidelines[:] - Esrum Middelalderdage","isPartOf":{"@id":"https:\/\/www.runemester.dk\/middelalderdage\/#website"},"datePublished":"2016-01-12T13:29:48+00:00","dateModified":"2016-02-22T10:27:20+00:00","breadcrumb":{"@id":"https:\/\/www.runemester.dk\/middelalderdage\/esrum-middelalderdage\/retningslinjer\/#breadcrumb"},"inLanguage":"da-DK","potentialAction":[{"@type":"ReadAction","target":["https:\/\/www.runemester.dk\/middelalderdage\/esrum-middelalderdage\/retningslinjer\/"]}]},{"@type":"BreadcrumbList","@id":"https:\/\/www.runemester.dk\/middelalderdage\/esrum-middelalderdage\/retningslinjer\/#breadcrumb","itemListElement":[{"@type":"ListItem","position":1,"name":"Hjem","item":"https:\/\/www.runemester.dk\/middelalderdage\/"},{"@type":"ListItem","position":2,"name":"[:da]Esrum Middelalderdage[:en]Esrum Medieval Days[:]","item":"https:\/\/www.runemester.dk\/middelalderdage\/esrum-middelalderdage\/"},{"@type":"ListItem","position":3,"name":"[:da]Retningslinjer[:en]Guidelines[:]"}]},{"@type":"WebSite","@id":"https:\/\/www.runemester.dk\/middelalderdage\/#website","url":"https:\/\/www.runemester.dk\/middelalderdage\/","name":"Esrum Middelalderdage","description":"[:da]For bodholdere og deltagende | 26. juni - 4. juli 2021[:en]For bodholdere og deltagende | 15 og 16. juni 2019[:]","potentialAction":[{"@type":"SearchAction","target":{"@type":"EntryPoint","urlTemplate":"https:\/\/www.runemester.dk\/middelalderdage\/?s={search_term_string}"},"query-input":{"@type":"PropertyValueSpecification","valueRequired":true,"valueName":"search_term_string"}}],"inLanguage":"da-DK"}]}},"_links":{"self":[{"href":"https:\/\/www.runemester.dk\/middelalderdage\/wp-json\/wp\/v2\/pages\/161","targetHints":{"allow":["GET"]}}],"collection":[{"href":"https:\/\/www.runemester.dk\/middelalderdage\/wp-json\/wp\/v2\/pages"}],"about":[{"href":"https:\/\/www.runemester.dk\/middelalderdage\/wp-json\/wp\/v2\/types\/page"}],"author":[{"embeddable":true,"href":"https:\/\/www.runemester.dk\/middelalderdage\/wp-json\/wp\/v2\/users\/2"}],"replies":[{"embeddable":true,"href":"https:\/\/www.runemester.dk\/middelalderdage\/wp-json\/wp\/v2\/comments?post=161"}],"version-history":[{"count":12,"href":"https:\/\/www.runemester.dk\/middelalderdage\/wp-json\/wp\/v2\/pages\/161\/revisions"}],"predecessor-version":[{"id":605,"href":"https:\/\/www.runemester.dk\/middelalderdage\/wp-json\/wp\/v2\/pages\/161\/revisions\/605"}],"up":[{"embeddable":true,"href":"https:\/\/www.runemester.dk\/middelalderdage\/wp-json\/wp\/v2\/pages\/257"}],"wp:attachment":[{"href":"https:\/\/www.runemester.dk\/middelalderdage\/wp-json\/wp\/v2\/media?parent=161"}],"curies":[{"name":"wp","href":"https:\/\/api.w.org\/{rel}","templated":true}]}}